{"id":102,"date":"2016-06-29T18:42:43","date_gmt":"2016-06-29T18:42:43","guid":{"rendered":"http:\/\/www.robertoguillen.com\/?page_id=102"},"modified":"2021-09-16T14:37:16","modified_gmt":"2021-09-16T14:37:16","slug":"cvexpos","status":"publish","type":"page","link":"http:\/\/www.robertoguillen.com\/?page_id=102","title":{"rendered":"CV&#038;EXPOS"},"content":{"rendered":"<p><b>Formaci\u00f3n Acad\u00e9mica<\/b>:<br \/>\n<b>Licenciado en Bellas Artes<\/b> por la Universidad Complutense de Madrid.<\/p>\n<p><b>Experiencia Art\u00edstica<\/b>.<br \/>\n<b>MENCIONES<\/b>: &#8211; Seleccionado XXVI Edici\u00f3n de los <b>\u201cCircuitos de Artes Pl\u00e1sticas de la Comunidad de Madrid\u201d<\/b> .2015.<\/p>\n<p><b>EXPOSICIONES<\/b>:<br \/>\n<b>Colectivas<\/b><\/p>\n<p>&#8211; <strong>COHETE TOLEDO.<\/strong> Festival de arte contempor\u00e1neo en las calles del casco hist\u00f3rico de Toledo.<br \/>\nDel 24 de mayo al 6 de junio de 2021.<\/p>\n<p>&#8211; <b>Talentos de Arte Urbano de Mahou<\/b>. Evento PINTAMALASA\u00d1A. Intervenci\u00f3n en Bar La Realidad. 24 de Octubre de 2020.<\/p>\n<p>&#8211; <b>III Muestra de Arte Independiente La Aduana de Rousseau<\/b>. Bar Ronda. Madrid. 7 de Abril de 2018.<\/p>\n<p>&#8211; <b>Feria HYBRID<\/b>. Espacio Naranjo y SeAlquila. Hotel Petite Palace Santa B\u00e1rbara. Madrid. 24 a 26 de Febrero de 2017.<\/p>\n<p>&#8211; <b>CIRCUITOS de ARTES PL\u00c1STICAS<\/b>. Exposici\u00f3n en <b>LABoral<\/b> (Gij\u00f3n) y <b>Sala Borr\u00f3n<\/b> (Oviedo). Desde el 27 de Octubre de 2016 al 25 de Noviembre de 2016.<\/p>\n<p>&#8211; Exposici\u00f3n <b>IV Convocatoria MARDEL de PINTURA<\/b>. Centro de Arte del Carmen. Valencia. 7 de Octubre a 13 Noviembre. 2016.<\/p>\n<p>&#8211; Exposici\u00f3n <b>VILLALART<\/b>. Villalar de los Comuneros. Valladolid. S\u00e1bado 23 de Abril. 2016.<\/p>\n<p>&#8211; <b>CIRCUITOS de ARTES PL\u00c1STICAS de la Comunidad de Madrid<\/b>. Exposici\u00f3n en Sala de ARTE J\u00d3VEN de la Comunidad de Madrid. Alcal\u00e1 31. 11 de Noviembre de 2015 \u2013 10 de Enero de 2016. Madrid.<\/p>\n<p>&#8211; Exposici\u00f3n <b>SeAlquila P\u00daBLICO<\/b>. Jueves 19 a Domingo 22 de Noviembre 2015. Espacio vecinal Teatro Daoiz y Velarde. Madrid.<\/p>\n<p>&#8211; <b>Mercado de ARTE PRIMAVERA &#8217;15<\/b>. Exposici\u00f3n y Mercado Colectivo de artistas de diferentes disciplinas. Espacio Oculto Madrid. 9 \u2013 10 Mayo 2015. Madrid.<\/p>\n<p>&#8211; Exposici\u00f3n <b>\u201cLACOLECT\u201d<\/b>. Exposici\u00f3n Colectiva de artistas j\u00f3venes no representados por galer\u00eda. Parking del Hotel ONE SHOT 23 Exposici\u00f3n colectiva. 12 \u2013 14 Marzo 2015. Madrid.<\/p>\n<p>&#8211; Exposici\u00f3n <b>SeAlquila ESTADO<\/b>. Muestra ef\u00edmera de creaci\u00f3n contempor\u00e1nea en espacios en desuso. Cuarta Edici\u00f3n. Ciudad de Guatemala &#8211; Madrid &#8211; Buenos Aires (pospuesta). 13 &#8211; 16 Junio 2014. Antiguo Taller Clandestino. C\/ Amparo Usera 17. Madrid.<\/p>\n<p>&#8211; Exposici\u00f3n <b>\u201cULTRA FAST\u201d<\/b>. Exposici\u00f3n colectiva. 3 \u2013 30 Abril 2014. Galer\u00eda \/ Espacio Arte y Mentira. Madrid.<\/p>\n<p>&#8211; Exposici\u00f3n <b>\u201cLa Quinta Prende\u201d<\/b>. Exposici\u00f3n colectiva. 20 \u2013 23 Junio 2013. Espacio QUINTA DEL SORDO. Madrid.<\/p>\n","protected":false},"excerpt":{"rendered":"<p>Formaci\u00f3n Acad\u00e9mica: Licenciado en Bellas Artes por la Universidad Complutense de Madrid. Experiencia Art\u00edstica. MENCIONES: &#8211; Seleccionado XXVI Edici\u00f3n de los \u201cCircuitos de Artes Pl\u00e1sticas de la Comunidad de Madrid\u201d .2015. EXPOSICIONES: Colectivas &#8211; COHETE TOLEDO. Festival de arte contempor\u00e1neo en las calles del casco hist\u00f3rico de Toledo. Del 24 de mayo al 6 de&hellip; <a class=\"more-link\" href=\"http:\/\/www.robertoguillen.com\/?page_id=102\">Seguir leyendo <span class=\"screen-reader-text\">CV&#038;EXPOS<\/span><\/a><\/p>\n","protected":false},"author":1,"featured_media":0,"parent":0,"menu_order":0,"comment_status":"closed","ping_status":"closed","template":"","meta":[],"_links":{"self":[{"href":"http:\/\/www.robertoguillen.com\/index.php?rest_route=\/wp\/v2\/pages\/102"}],"collection":[{"href":"http:\/\/www.robertoguillen.com\/index.php?rest_route=\/wp\/v2\/pages"}],"about":[{"href":"http:\/\/www.robertoguillen.com\/index.php?rest_route=\/wp\/v2\/types\/page"}],"author":[{"embeddable":true,"href":"http:\/\/www.robertoguillen.com\/index.php?rest_route=\/wp\/v2\/users\/1"}],"replies":[{"embeddable":true,"href":"http:\/\/www.robertoguillen.com\/index.php?rest_route=%2Fwp%2Fv2%2Fcomments&post=102"}],"version-history":[{"count":10,"href":"http:\/\/www.robertoguillen.com\/index.php?rest_route=\/wp\/v2\/pages\/102\/revisions"}],"predecessor-version":[{"id":963,"href":"http:\/\/www.robertoguillen.com\/index.php?rest_route=\/wp\/v2\/pages\/102\/revisions\/963"}],"wp:attachment":[{"href":"http:\/\/www.robertoguillen.com\/index.php?rest_route=%2Fwp%2Fv2%2Fmedia&parent=102"}],"curies":[{"name":"wp","href":"https:\/\/api.w.org\/{rel}","templated":true}]}}